{"id":68,"date":"2024-07-05T19:37:32","date_gmt":"2024-07-05T17:37:32","guid":{"rendered":"https:\/\/salon-campingcar-rochefort.fr\/?page_id=68"},"modified":"2026-04-22T15:52:24","modified_gmt":"2026-04-22T13:52:24","slug":"accueil-salon-camping-car-rochefort-5-au-8-septembre","status":"publish","type":"page","link":"https:\/\/salon-campingcar-rochelais.fr\/","title":{"rendered":"Accueil"},"content":{"rendered":"<div class=\"wpb-content-wrapper\"><p>[vc_row][vc_column][vc_column_text]\u00a0[\/vc_column_text][\/vc_column][\/vc_row][vc_row css=\u00a0\u00bb.vc_custom_1704972753066{margin-top: 0px !important;padding-top: 0px !important;}\u00a0\u00bb][vc_column css=\u00a0\u00bb.vc_custom_1704982012939{margin-top: 0px !important;margin-bottom: 0px !important;padding-top: 10px !important;padding-bottom: 0px !important;}\u00a0\u00bb][vc_row_inner css=\u00a0\u00bb.vc_custom_1533019627673{margin-top: 0px !important;margin-bottom: 40px !important;padding-top: 0px !important;padding-bottom: 0px !important;}\u00a0\u00bb][vc_column_inner el_class=\u00a0\u00bbtitle-section2&Prime; width=\u00a0\u00bb1\/3&Prime; css=\u00a0\u00bb.vc_custom_1533019636971{margin-top: 0px !important;padding-top: 0px !important;}\u00a0\u00bb][vc_single_image image=\u00a0\u00bb579&Prime; img_size=\u00a0\u00bbfull\u00a0\u00bb css=\u00a0\u00bb.vc_custom_1776160202287{padding-top: 0px !important;padding-bottom: 0px !important;}\u00a0\u00bb][vc_custom_heading text=\u00a0\u00bb1\u00e8me \u00e9dition du Salon du camping-car Rochelais\u00a0\u00bb font_container=\u00a0\u00bbtag:h2|font_size:20px|text_align:left|color:%23fbb505&Prime; google_fonts=\u00a0\u00bbfont_family:Roboto%3A100%2C100italic%2C300%2C300italic%2Cregular%2Citalic%2C500%2C500italic%2C700%2C700italic%2C900%2C900italic|font_style:500%20bold%20regular%3A500%3Anormal\u00a0\u00bb css=\u00a0\u00bb.vc_custom_1773042803191{margin-top: 0px !important;padding-top: 0px !important;padding-bottom: 0px !important;}\u00a0\u00bb][vc_column_text css=\u00a0\u00bb\u00a0\u00bb]<\/p>\n<p style=\"text-align: left;\"><strong>Du 24 au 27 avril au stade Rochelais<\/strong>, venez d\u00e9couvrir plus <strong>120 camping-cars, vans, fourgons et caravanes<\/strong> : les nouveaut\u00e9s du printemps, les fins de s\u00e9rie et occasions \u00e0 <strong>conditions pr\u00e9f\u00e9rentielles<\/strong>.<\/p>\n<ul>\n<li><strong>3 concessionnaires<\/strong> de Charente-Maritime<\/li>\n<li><em><strong>OUVERT DIMANCHE\u00a0 !<\/strong><\/em><\/li>\n<li>Camping-cars, vans et fourgons <strong>neufs et d&rsquo;occasion.<\/strong><\/li>\n<li><strong>31 marques europ\u00e9ennes repr\u00e9sent\u00e9es.<\/strong><\/li>\n<li><strong>Financement<\/strong> sur place \u00ab\u00a0sp\u00e9cial salon\u00a0\u00bb.<\/li>\n<\/ul>\n<p>[\/vc_column_text][\/vc_column_inner][vc_column_inner el_class=\u00a0\u00bbtitle-section2&Prime; width=\u00a0\u00bb1\/3&Prime; css=\u00a0\u00bb.vc_custom_1533019642545{margin-top: 0px !important;padding-top: 0px !important;}\u00a0\u00bb][vc_single_image image=\u00a0\u00bb576&Prime; img_size=\u00a0\u00bbfull\u00a0\u00bb css=\u00a0\u00bb.vc_custom_1775152416399{padding-top: 0px !important;padding-bottom: 0px !important;}\u00a0\u00bb][vc_custom_heading text=\u00a0\u00bbOffres sp\u00e9ciales sur les camping-cars, vans, fourgons d&rsquo;occasion\u00a0\u00bb font_container=\u00a0\u00bbtag:h2|font_size:20px|text_align:left|color:%23fbb505&Prime; google_fonts=\u00a0\u00bbfont_family:Roboto%3A100%2C100italic%2C300%2C300italic%2Cregular%2Citalic%2C500%2C500italic%2C700%2C700italic%2C900%2C900italic|font_style:500%20bold%20regular%3A500%3Anormal\u00a0\u00bb css=\u00a0\u00bb.vc_custom_1773043012151{margin-top: 0px !important;padding-top: 0px !important;padding-bottom: 0px !important;}\u00a0\u00bb][vc_column_text css=\u00a0\u00bb\u00a0\u00bb]<\/p>\n<ul>\n<li><strong>Mod\u00e8les d\u2019occasions r\u00e9vis\u00e9s et garantis par des professionnels.<\/strong><\/li>\n<li>Lits centraux, lits jumeaux, lits pavillon, \u00e0 la fran\u00e7aise&#8230;<\/li>\n<li>Grand <strong>choix d&rsquo;implantations<\/strong> pour des voyages en couple ou en famille.<\/li>\n<li>Toutes les <strong>motorisations<\/strong> sur Fiat, Ford, Mercedes, Peugeot, Citro\u00ebn&#8230;<\/li>\n<li><strong>Grande gamme de prix<\/strong> sur les int\u00e9graux, profil\u00e9s, capucines et vans.<\/li>\n<\/ul>\n<p>[\/vc_column_text][\/vc_column_inner][vc_column_inner el_class=\u00a0\u00bbtitle-section2&Prime; width=\u00a0\u00bb1\/3&Prime; css=\u00a0\u00bb.vc_custom_1533019647552{margin-top: 0px !important;padding-top: 0px !important;}\u00a0\u00bb][vc_single_image image=\u00a0\u00bb518&Prime; img_size=\u00a0\u00bbfull\u00a0\u00bb css=\u00a0\u00bb.vc_custom_1773045869027{padding-top: 0px !important;padding-bottom: 0px !important;}\u00a0\u00bb][vc_custom_heading text=\u00a0\u00bbGrand jeu sur le Salon : un week-end en Van \u00e0 gagner chaque jour\u00a0\u00bb font_container=\u00a0\u00bbtag:h2|font_size:20px|text_align:left|color:%23fbb505&Prime; google_fonts=\u00a0\u00bbfont_family:Roboto%3A100%2C100italic%2C300%2C300italic%2Cregular%2Citalic%2C500%2C500italic%2C700%2C700italic%2C900%2C900italic|font_style:500%20bold%20regular%3A500%3Anormal\u00a0\u00bb css=\u00a0\u00bb.vc_custom_1720705156236{margin-top: 0px !important;padding-top: 0px !important;padding-bottom: 0px !important;}\u00a0\u00bb][vc_column_text css=\u00a0\u00bb\u00a0\u00bb]<\/p>\n<ul>\n<li><strong>Gagnez un v\u00e9lo \u00e9lectrique !<\/strong><\/li>\n<li>D\u00e9couvrez les conditions du jeu sur le salon du camping-car Rochelais.<\/li>\n<li>1 Food trucks pour vous restaurer et vous r\u00e9galer.<\/li>\n<li>Parking jour gratuit.<\/li>\n<li>Nos amis les chiens sont les bienvenus.<\/li>\n<\/ul>\n<p>[\/vc_column_text][\/vc_column_inner][\/vc_row_inner][\/vc_column][\/vc_row][vc_row gap=\u00a0\u00bb20&Prime; el_class=\u00a0\u00bbcontact\u00a0\u00bb css=\u00a0\u00bb.vc_custom_1688391629937{padding-top: 20px !important;background-color: #fefefe !important;}\u00a0\u00bb][vc_column width=\u00a0\u00bb1\/3&Prime; css=\u00a0\u00bb.vc_custom_1688391717311{margin-top: 0px !important;margin-right: 0px !important;margin-left: 0px !important;border-top-width: 1px !important;border-right-width: 1px !important;border-bottom-width: 1px !important;border-left-width: 1px !important;padding-top: 0px !important;padding-right: 10px !important;padding-left: 10px !important;border-left-color: #e5e5e5 !important;border-left-style: none !important;border-right-color: #e5e5e5 !important;border-right-style: none !important;border-top-color: #e5e5e5 !important;border-top-style: none !important;border-bottom-color: #e5e5e5 !important;border-bottom-style: none !important;}\u00a0\u00bb][vc_icon icon_fontawesome=\u00a0\u00bbfas fa-car-side\u00a0\u00bb color=\u00a0\u00bbcustom\u00a0\u00bb background_style=\u00a0\u00bbrounded\u00a0\u00bb background_color=\u00a0\u00bbcustom\u00a0\u00bb align=\u00a0\u00bbcenter\u00a0\u00bb css_animation=\u00a0\u00bbbounceInLeft\u00a0\u00bb css=\u00a0\u00bb.vc_custom_1776239019904{margin-top: 0px !important;padding-top: 20px !important;}\u00a0\u00bb custom_background_color=\u00a0\u00bb#fbb505&Prime; custom_color=\u00a0\u00bb#fefefe\u00a0\u00bb link=\u00a0\u00bburl:https%3A%2F%2Fsalon-campingcar-rochelais.fr%2Findex.php%2Fplan-dacces-contact%2F|title:Plan%20d%E2%80%99acc%C3%A8s%20%26%20contact\u00a0\u00bb][vc_column_text css=\u00a0\u00bb.vc_custom_1773043536725{padding-bottom: 20px !important;}\u00a0\u00bb]<\/p>\n<p style=\"text-align: center;\"><strong>\u00a0Parking VIP Stade Marcel Deflandre<\/strong><br \/>\nLa Rochelle[\/vc_column_text][\/vc_column][vc_column width=\u00a0\u00bb1\/3&Prime; css=\u00a0\u00bb.vc_custom_1688391726617{margin-top: 0px !important;margin-right: 0px !important;margin-left: 0px !important;border-top-width: 1px !important;border-right-width: 1px !important;border-bottom-width: 1px !important;border-left-width: 1px !important;padding-top: 0px !important;border-left-color: #e5e5e5 !important;border-left-style: none !important;border-right-color: #e5e5e5 !important;border-right-style: none !important;border-top-color: #e5e5e5 !important;border-top-style: none !important;border-bottom-color: #e5e5e5 !important;border-bottom-style: none !important;}\u00a0\u00bb][vc_icon icon_fontawesome=\u00a0\u00bbfas fa-shuttle-van\u00a0\u00bb color=\u00a0\u00bbcustom\u00a0\u00bb background_style=\u00a0\u00bbrounded\u00a0\u00bb background_color=\u00a0\u00bbcustom\u00a0\u00bb align=\u00a0\u00bbcenter\u00a0\u00bb css_animation=\u00a0\u00bbbounceInDown\u00a0\u00bb css=\u00a0\u00bb.vc_custom_1776239027496{margin-top: 0px !important;padding-top: 20px !important;}\u00a0\u00bb custom_color=\u00a0\u00bb#fefefe\u00a0\u00bb custom_background_color=\u00a0\u00bb#fbb505&Prime;][vc_column_text css=\u00a0\u00bb.vc_custom_1773049260738{padding-bottom: 20px !important;}\u00a0\u00bb]<\/p>\n<p style=\"text-align: center;\"><strong>120 camping-cars<\/strong><br \/>\nPlus de 31 marques neufs et occasions[\/vc_column_text][\/vc_column][vc_column width=\u00a0\u00bb1\/3&Prime; css=\u00a0\u00bb.vc_custom_1688391737056{margin-top: 0px !important;margin-right: 5px !important;margin-left: 5px !important;border-top-width: 1px !important;border-right-width: 1px !important;border-bottom-width: 1px !important;border-left-width: 1px !important;padding-top: 0px !important;border-left-color: #e5e5e5 !important;border-left-style: none !important;border-right-color: #e5e5e5 !important;border-right-style: none !important;border-top-color: #e5e5e5 !important;border-top-style: none !important;border-bottom-color: #e5e5e5 !important;border-bottom-style: none !important;}\u00a0\u00bb][vc_icon icon_fontawesome=\u00a0\u00bbfas fa-euro-sign\u00a0\u00bb color=\u00a0\u00bbcustom\u00a0\u00bb background_style=\u00a0\u00bbrounded\u00a0\u00bb background_color=\u00a0\u00bbcustom\u00a0\u00bb align=\u00a0\u00bbcenter\u00a0\u00bb css_animation=\u00a0\u00bbbounceInRight\u00a0\u00bb css=\u00a0\u00bb.vc_custom_1776239040793{margin-top: 0px !important;padding-top: 20px !important;}\u00a0\u00bb custom_color=\u00a0\u00bb#fefefe\u00a0\u00bb custom_background_color=\u00a0\u00bb#fbb505&Prime; link=\u00a0\u00bburl:https%3A%2F%2Fsalon-campingcar-rochelais.fr%2Findex.php%2Finvitation%2F|title:Invitation\u00a0\u00bb][vc_column_text css=\u00a0\u00bb.vc_custom_1776865941288{padding-bottom: 20px !important;}\u00a0\u00bb]<\/p>\n<p style=\"text-align: center;\">Entr\u00e9e 3 \u20ac<\/p>\n<p style=\"text-align: center;\"><a href=\"https:\/\/salon-campingcar-rochelais.fr\/index.php\/invitation\/\"><strong>T\u00e9l\u00e9chargez gratuitement votre invitation<\/strong><\/a><\/p>\n<p>[\/vc_column_text][\/vc_column][\/vc_row]<\/p>\n<\/div>","protected":false},"excerpt":{"rendered":"<p>[vc_row][vc_column][vc_column_text]\u00a0[\/vc_column_text][\/vc_column][\/vc_row][vc_row css=\u00a0\u00bb.vc_custom_1704972753066{margin-top: 0px !important;padding-top: 0px !important;}\u00a0\u00bb][vc_column css=\u00a0\u00bb.vc_custom_1704982012939{margin-top: 0px !important;margin-bottom: 0px !important;padding-top: 10px !important;padding-bottom: 0px !important;}\u00a0\u00bb][vc_row_inner css=\u00a0\u00bb.vc_custom_1533019627673{margin-top: 0px !important;margin-bottom: 40px !important;padding-top: 0px !important;padding-bottom: 0px !important;}\u00a0\u00bb][vc_column_inner el_class=\u00a0\u00bbtitle-section2&Prime; width=\u00a0\u00bb1\/3&Prime; css=\u00a0\u00bb.vc_custom_1533019636971{margin-top: 0px !important;padding-top: 0px !important;}\u00a0\u00bb][vc_single_image image=\u00a0\u00bb579&Prime; img_size=\u00a0\u00bbfull\u00a0\u00bb css=\u00a0\u00bb.vc_custom_1776160202287{padding-top: 0px !important;padding-bottom: 0px !important;}\u00a0\u00bb][vc_custom_heading text=\u00a0\u00bb1\u00e8me \u00e9dition du Salon du camping-car Rochelais\u00a0\u00bb font_container=\u00a0\u00bbtag:h2|font_size:20px|text_align:left|color:%23fbb505&Prime; google_fonts=\u00a0\u00bbfont_family:Roboto%3A100%2C100italic%2C300%2C300italic%2Cregular%2Citalic%2C500%2C500italic%2C700%2C700italic%2C900%2C900italic|font_style:500%20bold%20regular%3A500%3Anormal\u00a0\u00bb css=\u00a0\u00bb.vc_custom_1773042803191{margin-top: 0px !important;padding-top: 0px !important;padding-bottom: 0px !important;}\u00a0\u00bb][vc_column_text css=\u00a0\u00bb\u00a0\u00bb] Du 24 au 27 avril au stade [&hellip;]<\/p>\n","protected":false},"author":1,"featured_media":0,"parent":0,"menu_order":0,"comment_status":"closed","ping_status":"closed","template":"","meta":{"footnotes":""},"class_list":["post-68","page","type-page","status-publish","hentry"],"yoast_head":"<!-- This site is optimized with the Yoast SEO plugin v24.8.1 - https:\/\/yoast.com\/wordpress\/plugins\/seo\/ -->\n<title>ACCUEIL | SALON CAMPING-CAR ROCHELAIS<\/title>\n<meta name=\"description\" content=\"Le Salon du Camping-car Rochelais aura lieu du 24 au 27 avril 2026 au Parking VIP du Stade Marcel Deflandre \u00e0 La Rochelle.\" \/>\n<meta name=\"robots\" content=\"index, follow, max-snippet:-1, max-image-preview:large, max-video-preview:-1\" \/>\n<link rel=\"canonical\" href=\"https:\/\/salon-campingcar-rochelais.fr\/\" \/>\n<meta property=\"og:locale\" content=\"fr_FR\" \/>\n<meta property=\"og:type\" content=\"article\" \/>\n<meta property=\"og:title\" content=\"ACCUEIL | SALON CAMPING-CAR ROCHELAIS\" \/>\n<meta property=\"og:description\" content=\"Le Salon du Camping-car Rochelais aura lieu du 24 au 27 avril 2026 au Parking VIP du Stade Marcel Deflandre \u00e0 La Rochelle.\" \/>\n<meta property=\"og:url\" content=\"https:\/\/salon-campingcar-rochelais.fr\/\" \/>\n<meta property=\"og:site_name\" content=\"Salon du camping-car de Rochelais\" \/>\n<meta property=\"article:publisher\" content=\"https:\/\/www.facebook.com\/profile.php?id=61561766056102\" \/>\n<meta property=\"article:modified_time\" content=\"2026-04-22T13:52:24+00:00\" \/>\n<meta name=\"twitter:card\" content=\"summary_large_image\" \/>\n<meta name=\"twitter:label1\" content=\"Dur\u00e9e de lecture estim\u00e9e\" \/>\n\t<meta name=\"twitter:data1\" content=\"3 minutes\" \/>\n<script type=\"application\/ld+json\" class=\"yoast-schema-graph\">{\"@context\":\"https:\/\/schema.org\",\"@graph\":[{\"@type\":\"WebPage\",\"@id\":\"https:\/\/salon-campingcar-rochelais.fr\/\",\"url\":\"https:\/\/salon-campingcar-rochelais.fr\/\",\"name\":\"ACCUEIL | SALON CAMPING-CAR ROCHELAIS\",\"isPartOf\":{\"@id\":\"https:\/\/salon-campingcar-rochelais.fr\/#website\"},\"datePublished\":\"2024-07-05T17:37:32+00:00\",\"dateModified\":\"2026-04-22T13:52:24+00:00\",\"description\":\"Le Salon du Camping-car Rochelais aura lieu du 24 au 27 avril 2026 au Parking VIP du Stade Marcel Deflandre \u00e0 La Rochelle.\",\"breadcrumb\":{\"@id\":\"https:\/\/salon-campingcar-rochelais.fr\/#breadcrumb\"},\"inLanguage\":\"fr-FR\",\"potentialAction\":[{\"@type\":\"ReadAction\",\"target\":[\"https:\/\/salon-campingcar-rochelais.fr\/\"]}]},{\"@type\":\"BreadcrumbList\",\"@id\":\"https:\/\/salon-campingcar-rochelais.fr\/#breadcrumb\",\"itemListElement\":[{\"@type\":\"ListItem\",\"position\":1,\"name\":\"Accueil\",\"item\":\"https:\/\/salon-campingcar-rochelais.fr\/\"},{\"@type\":\"ListItem\",\"position\":2,\"name\":\"Accueil\"}]},{\"@type\":\"WebSite\",\"@id\":\"https:\/\/salon-campingcar-rochelais.fr\/#website\",\"url\":\"https:\/\/salon-campingcar-rochelais.fr\/\",\"name\":\"Salon du camping-car de Rochefort\",\"description\":\"Salon du camping-car et du van de Charente Maritime\",\"publisher\":{\"@id\":\"https:\/\/salon-campingcar-rochelais.fr\/#organization\"},\"potentialAction\":[{\"@type\":\"SearchAction\",\"target\":{\"@type\":\"EntryPoint\",\"urlTemplate\":\"https:\/\/salon-campingcar-rochelais.fr\/?s={search_term_string}\"},\"query-input\":{\"@type\":\"PropertyValueSpecification\",\"valueRequired\":true,\"valueName\":\"search_term_string\"}}],\"inLanguage\":\"fr-FR\"},{\"@type\":\"Organization\",\"@id\":\"https:\/\/salon-campingcar-rochelais.fr\/#organization\",\"name\":\"Salon du camping-car de Rochefort\",\"url\":\"https:\/\/salon-campingcar-rochelais.fr\/\",\"logo\":{\"@type\":\"ImageObject\",\"inLanguage\":\"fr-FR\",\"@id\":\"https:\/\/salon-campingcar-rochelais.fr\/#\/schema\/logo\/image\/\",\"url\":\"https:\/\/salon-campingcar-rochefort.fr\/wp-content\/uploads\/2024\/07\/logo-expo-CC-rochefort6.png\",\"contentUrl\":\"https:\/\/salon-campingcar-rochefort.fr\/wp-content\/uploads\/2024\/07\/logo-expo-CC-rochefort6.png\",\"width\":502,\"height\":289,\"caption\":\"Salon du camping-car de Rochefort\"},\"image\":{\"@id\":\"https:\/\/salon-campingcar-rochelais.fr\/#\/schema\/logo\/image\/\"},\"sameAs\":[\"https:\/\/www.facebook.com\/profile.php?id=61561766056102\",\"https:\/\/www.instagram.com\/salon_vdl_rochefort\"]}]}<\/script>\n<!-- \/ Yoast SEO plugin. -->","yoast_head_json":{"title":"ACCUEIL | SALON CAMPING-CAR ROCHELAIS","description":"Le Salon du Camping-car Rochelais aura lieu du 24 au 27 avril 2026 au Parking VIP du Stade Marcel Deflandre \u00e0 La Rochelle.","robots":{"index":"index","follow":"follow","max-snippet":"max-snippet:-1","max-image-preview":"max-image-preview:large","max-video-preview":"max-video-preview:-1"},"canonical":"https:\/\/salon-campingcar-rochelais.fr\/","og_locale":"fr_FR","og_type":"article","og_title":"ACCUEIL | SALON CAMPING-CAR ROCHELAIS","og_description":"Le Salon du Camping-car Rochelais aura lieu du 24 au 27 avril 2026 au Parking VIP du Stade Marcel Deflandre \u00e0 La Rochelle.","og_url":"https:\/\/salon-campingcar-rochelais.fr\/","og_site_name":"Salon du camping-car de Rochelais","article_publisher":"https:\/\/www.facebook.com\/profile.php?id=61561766056102","article_modified_time":"2026-04-22T13:52:24+00:00","twitter_card":"summary_large_image","twitter_misc":{"Dur\u00e9e de lecture estim\u00e9e":"3 minutes"},"schema":{"@context":"https:\/\/schema.org","@graph":[{"@type":"WebPage","@id":"https:\/\/salon-campingcar-rochelais.fr\/","url":"https:\/\/salon-campingcar-rochelais.fr\/","name":"ACCUEIL | SALON CAMPING-CAR ROCHELAIS","isPartOf":{"@id":"https:\/\/salon-campingcar-rochelais.fr\/#website"},"datePublished":"2024-07-05T17:37:32+00:00","dateModified":"2026-04-22T13:52:24+00:00","description":"Le Salon du Camping-car Rochelais aura lieu du 24 au 27 avril 2026 au Parking VIP du Stade Marcel Deflandre \u00e0 La Rochelle.","breadcrumb":{"@id":"https:\/\/salon-campingcar-rochelais.fr\/#breadcrumb"},"inLanguage":"fr-FR","potentialAction":[{"@type":"ReadAction","target":["https:\/\/salon-campingcar-rochelais.fr\/"]}]},{"@type":"BreadcrumbList","@id":"https:\/\/salon-campingcar-rochelais.fr\/#breadcrumb","itemListElement":[{"@type":"ListItem","position":1,"name":"Accueil","item":"https:\/\/salon-campingcar-rochelais.fr\/"},{"@type":"ListItem","position":2,"name":"Accueil"}]},{"@type":"WebSite","@id":"https:\/\/salon-campingcar-rochelais.fr\/#website","url":"https:\/\/salon-campingcar-rochelais.fr\/","name":"Salon du camping-car de Rochefort","description":"Salon du camping-car et du van de Charente Maritime","publisher":{"@id":"https:\/\/salon-campingcar-rochelais.fr\/#organization"},"potentialAction":[{"@type":"SearchAction","target":{"@type":"EntryPoint","urlTemplate":"https:\/\/salon-campingcar-rochelais.fr\/?s={search_term_string}"},"query-input":{"@type":"PropertyValueSpecification","valueRequired":true,"valueName":"search_term_string"}}],"inLanguage":"fr-FR"},{"@type":"Organization","@id":"https:\/\/salon-campingcar-rochelais.fr\/#organization","name":"Salon du camping-car de Rochefort","url":"https:\/\/salon-campingcar-rochelais.fr\/","logo":{"@type":"ImageObject","inLanguage":"fr-FR","@id":"https:\/\/salon-campingcar-rochelais.fr\/#\/schema\/logo\/image\/","url":"https:\/\/salon-campingcar-rochefort.fr\/wp-content\/uploads\/2024\/07\/logo-expo-CC-rochefort6.png","contentUrl":"https:\/\/salon-campingcar-rochefort.fr\/wp-content\/uploads\/2024\/07\/logo-expo-CC-rochefort6.png","width":502,"height":289,"caption":"Salon du camping-car de Rochefort"},"image":{"@id":"https:\/\/salon-campingcar-rochelais.fr\/#\/schema\/logo\/image\/"},"sameAs":["https:\/\/www.facebook.com\/profile.php?id=61561766056102","https:\/\/www.instagram.com\/salon_vdl_rochefort"]}]}},"_links":{"self":[{"href":"https:\/\/salon-campingcar-rochelais.fr\/index.php\/wp-json\/wp\/v2\/pages\/68","targetHints":{"allow":["GET"]}}],"collection":[{"href":"https:\/\/salon-campingcar-rochelais.fr\/index.php\/wp-json\/wp\/v2\/pages"}],"about":[{"href":"https:\/\/salon-campingcar-rochelais.fr\/index.php\/wp-json\/wp\/v2\/types\/page"}],"author":[{"embeddable":true,"href":"https:\/\/salon-campingcar-rochelais.fr\/index.php\/wp-json\/wp\/v2\/users\/1"}],"replies":[{"embeddable":true,"href":"https:\/\/salon-campingcar-rochelais.fr\/index.php\/wp-json\/wp\/v2\/comments?post=68"}],"version-history":[{"count":81,"href":"https:\/\/salon-campingcar-rochelais.fr\/index.php\/wp-json\/wp\/v2\/pages\/68\/revisions"}],"predecessor-version":[{"id":601,"href":"https:\/\/salon-campingcar-rochelais.fr\/index.php\/wp-json\/wp\/v2\/pages\/68\/revisions\/601"}],"wp:attachment":[{"href":"https:\/\/salon-campingcar-rochelais.fr\/index.php\/wp-json\/wp\/v2\/media?parent=68"}],"curies":[{"name":"wp","href":"https:\/\/api.w.org\/{rel}","templated":true}]}}